{"version":"1.0","provider_name":"Mo Manufakt\u00fara","provider_url":"https:\/\/mofactory.cafeblog.hu","author_name":"Mo Factory Gyermeklakberendez\u00e9s","author_url":"https:\/\/mofactory.cafeblog.hu\/author\/mo_factory_gyermeklakberendezes\/","title":"A v\u00e1llf\u00e1k","html":"<h1>\u00a0<a href=\"https:\/\/mofactory.cafeblog.hu\/files\/2015\/02\/DSC05058.jpg\"><img class=\"aligncenter size-medium wp-image-767\" src=\"https:\/\/mofactory.cafeblog.hu\/files\/2015\/02\/DSC05058-300x201.jpg\" alt=\"DSC05058\" width=\"300\" height=\"201\" \/><\/a><\/h1>\r\n<h1>\u00a0<\/h1>\r\n<h1>Az \u00faj v\u00e1llf\u00e1k m\u00e1r olyan sokan vannak, hogy meg\u00e9rdemelnek egy kis t\u00f6rt\u00e9neti leir\u00e1st.<\/h1>\r\n<p>&nbsp;<\/p>\r\n<h5>(ehhez a hossz\u00fa \u0171 bet\u0171t m\u00e1r megtal\u00e1ltam, de hossz\u00fa i-t m\u00e9g mindig nem, ez\u00e9rt bocs\u00e1natot k\u00e9rek!)<\/h5>\r\n<p>&nbsp;<\/p>\r\n<p>V\u00e1llf\u00e1kat r\u00f6gt\u00f6n a munk\u00e1ss\u00e1gom elej\u00e9t\u0151l festek, \u00e9s ehhez hozz\u00e1tartozik egy kis gyerekkori t\u00f6rt\u00e9net. Akkoriban \u00e9desany\u00e1m sokat volt t\u00e1vol, sokat dolgozott, nekem pedig segitenem kellett a h\u00e1zimunk\u00e1ban. Mostam, teregettem, f\u0151ztem, \u00e9s anya megbizott bennem, nem ellen\u0151rizte a munk\u00e1mat. Egyszer azonban, mikor \u0151 szedte le a sz\u00e1rit\u00f3t, megd\u00f6bbenve hivott mag\u00e1hoz, mert l\u00e1tta, hogy minden ruh\u00e1m szinsk\u00e1la szerint \u00e9l\u00e9re hajtogatva sorakozik a szekr\u00e9nyemben. Err\u0151l \u00fagy \u00e9rezte, egy 8 \u00e9vessel besz\u00e9lgetnie kell :-).<\/p>\r\n<p>M\u00e1r nem vagyok ennyire ped\u00e1ns, de most is szeretem a rendet. \u00c9s mivel 3 kicsi gyerek mellett neh\u00e9z is lenne szinsk\u00e1l\u00e1zni :-),\u00a0 minden\u00fcnk v\u00e1llf\u00e1n l\u00f3g. Igy \u00e1tl\u00e1that\u00f3, k\u00f6nnyen sz\u00e1rithat\u00f3 \u00e9s nem gy\u0171r\u0151dik semmi.<\/p>\r\n<p>Ehhez eleinte \u00f6r\u00f6k\u00f6lt m\u0171anyag v\u00e1llf\u00e1kat haszn\u00e1ltunk, de ezek id\u0151vel elt\u00f6rtek a sok haszn\u00e1latt\u00f3l, ez\u00e9rt elkezdt\u00fcnk lassank\u00e9nt fav\u00e1llf\u00e1kat beszerezni.<\/p>\r\n<p>Ha pedig fa, akkor befestem. Ennek t\u00f6bb k\u00f6vetkezm\u00e9nye is lett: szivesebben teregetek, a gyerekek rendet tartanak mert \u00e9lvezik a sok szines akaszt\u00f3t, \u00e9s reggelente j\u00f3kedv\u0171en indul\u00a0 a napom, ahogy ben\u00e9zek a szekr\u00e9nyeinkbe.<\/p>\r\n<p>Amikor vend\u00e9gs\u00e9gbe megy\u00fcnk, visz\u00fcnk egy festett v\u00e1llf\u00e1t, \u00e9s m\u00e9g nem volt, aki nem \u00f6r\u00fclt neki \u00e9s mosolygott egy j\u00f3 nagyot. Mivel egy sosem el\u00e9g, nem lehet mell\u00e9 l\u0151ni, ha v\u00e9letlen\u00fcl k\u00e9tszer is v\u00e1llf\u00e1t visz valaki.<\/p>\r\n<p>Ha pedig \u00fajsz\u00fcl\u00f6tth\u00f6z megy\u00fcnk, t\u00f6k\u00e9letes a v\u00e1llf\u00e1ra akasztott kis ruha, body. Nektek is aj\u00e1nlom a Mo Factory v\u00e1llf\u00e1kat, saj\u00e1t r\u00e9szre \u00e9s aj\u00e1nd\u00e9kba is.<\/p>\r\n<p>&nbsp;<\/p>\r\n<h2>A v\u00e1llf\u00e1kat el\u0151sz\u00f6r megfestem egy alapmint\u00e1val, ennek az alapszin\u00e9vel, pl egy mad\u00e1rnak megfestem a testecsk\u00e9j\u00e9t s\u00e1rg\u00e1val,<a href=\"https:\/\/mofactory.cafeblog.hu\/files\/2015\/02\/DSC05068.jpg\"><img class=\"aligncenter size-medium wp-image-762\" src=\"https:\/\/mofactory.cafeblog.hu\/files\/2015\/02\/DSC05068-300x201.jpg\" alt=\"DSC05068\" width=\"300\" height=\"201\" \/><\/a><\/h2>\r\n<h2>majd m\u00e9g egy r\u00e9teg s\u00e1rg\u00e1val.<\/h2>\r\n<h2><a href=\"https:\/\/mofactory.cafeblog.hu\/files\/2015\/02\/DSC050701.jpg\"><img class=\"aligncenter size-medium wp-image-757\" src=\"https:\/\/mofactory.cafeblog.hu\/files\/2015\/02\/DSC050701-300x201.jpg\" alt=\"DSC05070\" width=\"300\" height=\"201\" \/><\/a><\/h2>\r\n<h2>Ha ez j\u00f3l megsz\u00e1radt, elkezdem a diszit\u0151 fest\u00e9st, az apr\u00f3l\u00e9kos kicsike vonalakat. A mad\u00e1r sz\u00e1rny\u00e1t,<\/h2>\r\n<h2><a href=\"https:\/\/mofactory.cafeblog.hu\/files\/2015\/02\/DSC05075.jpg\"><img class=\"aligncenter size-medium wp-image-758\" src=\"https:\/\/mofactory.cafeblog.hu\/files\/2015\/02\/DSC05075-300x201.jpg\" alt=\"DSC05075\" width=\"300\" height=\"201\" \/><\/a><\/h2>\r\n<h2>a szemet, a cs\u0151rt, a faroktollakat, a l\u00e1bacsk\u00e1kat<\/h2>\r\n<h2><a href=\"https:\/\/mofactory.cafeblog.hu\/files\/2015\/02\/DSC05077.jpg\"><img class=\"aligncenter size-medium wp-image-759\" src=\"https:\/\/mofactory.cafeblog.hu\/files\/2015\/02\/DSC05077-300x201.jpg\" alt=\"DSC05077\" width=\"300\" height=\"201\" \/><\/a><\/h2>\r\n<h2><a href=\"https:\/\/mofactory.cafeblog.hu\/files\/2015\/02\/DSC05080.jpg\"><img class=\"aligncenter size-medium wp-image-760\" src=\"https:\/\/mofactory.cafeblog.hu\/files\/2015\/02\/DSC05080-300x201.jpg\" alt=\"DSC05080\" width=\"300\" height=\"201\" \/><\/a><\/h2>\r\n<h2>\u00e9s a v\u00e1llfa sz\u00e1r\u00e1ra az apr\u00f3 l\u00e1bnyomokat.<\/h2>\r\n<h2><a href=\"https:\/\/mofactory.cafeblog.hu\/files\/2015\/02\/DSC05082.jpg\"><img class=\"aligncenter size-medium wp-image-761\" src=\"https:\/\/mofactory.cafeblog.hu\/files\/2015\/02\/DSC05082-300x201.jpg\" alt=\"DSC05082\" width=\"300\" height=\"201\" \/><\/a><\/h2>\r\n<h2>Ehhez nyugalomra \u00e9s sok id\u0151re van sz\u00fcks\u00e9gem, mert a v\u00e1llf\u00e1n neh\u00e9z a fog\u00e1s, nagyon picike a hely \u00e9s a szememet is nagyon meger\u0151lteti.<\/h2>\r\n<p>De amig a v\u00e1llf\u00e1imt\u00f3l az emberek mindennapjai vid\u00e1mabbak lesznek, addig festem \u0151ket!<\/p>\r\n<p>Itt meg is n\u00e9zhetitek a t\u00f6bbit:<\/p>\r\n<p>https:\/\/www.facebook.com\/media\/set\/?set=a.672632172769763.1073741845.584648068234841&amp;type=3<\/p>\r\n<p>&nbsp;<\/p>\r\n<p>Sz\u00e9p napot nektek!<\/p>\r\n<p>Bori<\/p>","type":"rich","thumbnail_url":"https:\/\/mofactory.cafeblog.hu\/files\/2015\/02\/DSC05082-150x150.jpg","thumbnail_width":150,"thumbnail_height":150}